
{"id":810,"date":"2020-03-19T08:24:24","date_gmt":"2020-03-19T07:24:24","guid":{"rendered":"https:\/\/przedszkole18.edu.wroclaw.pl\/?page_id=810"},"modified":"2026-03-20T13:41:15","modified_gmt":"2026-03-20T12:41:15","slug":"rekrutacja","status":"publish","type":"page","link":"https:\/\/przedszkole18.edu.wroclaw.pl\/index.php\/rekrutacja\/","title":{"rendered":"Rekrutacja"},"content":{"rendered":"<p style=\"text-align: center\"><a href=\"https:\/\/przedszkole18.edu.wroclaw.pl\/wp-content\/uploads\/sites\/36\/2020\/03\/unnamed.jpg\"><img loading=\"lazy\" decoding=\"async\" class=\"wp-image-845 size-full aligncenter\" src=\"https:\/\/przedszkole18.edu.wroclaw.pl\/wp-content\/uploads\/sites\/36\/2020\/03\/unnamed.jpg\" alt=\"\" width=\"500\" height=\"200\" srcset=\"https:\/\/przedszkole18.edu.wroclaw.pl\/wp-content\/uploads\/sites\/36\/2020\/03\/unnamed.jpg 500w, https:\/\/przedszkole18.edu.wroclaw.pl\/wp-content\/uploads\/sites\/36\/2020\/03\/unnamed-300x120.jpg 300w\" sizes=\"auto, (max-width: 500px) 100vw, 500px\" \/><\/a><\/p>\n<p style=\"text-align: center\"><strong><em><span style=\"color: #000080;font-size: 24pt\">ROK SZKOLNY 2026\/2027<\/span><\/em><\/strong><\/p>\n<p style=\"text-align: center\"><strong><em><span style=\"color: #000080;font-size: 14pt\">Szanowni Pa\u0144stwo, poni\u017cej informacje dotycz\u0105ce rekrutacji na nowy rok szkolny do przedszkoli\u00a0 publicznych,\u00a0\u00a0<\/span><\/em><\/strong><\/p>\n<p style=\"text-align: center\"><em><strong><span style=\"color: #000080;font-size: 14pt\">\u00a0materia\u0142y zostan\u0105 r\u00f3wnie\u017c opublikowane na stronie elektronicznego systemu rekrutacji\u00a0&#8211; rekrutacje.edu.wroclaw.pl<\/span><\/strong><\/em><\/p>\n<p><a href=\"https:\/\/przedszkole18.edu.wroclaw.pl\/wp-content\/uploads\/sites\/36\/2026\/03\/WNIOSEK-DO-PRZEDSZKOLA-2026.pdf\">WNIOSEK DO PRZEDSZKOLA 2026<\/a><\/p>\n<p><a href=\"https:\/\/przedszkole18.edu.wroclaw.pl\/wp-content\/uploads\/sites\/36\/2026\/01\/INFORMACJE-OGOLNE.docx\">INFORMACJE OG\u00d3LNE<\/a><\/p>\n<p><a href=\"https:\/\/przedszkole18.edu.wroclaw.pl\/wp-content\/uploads\/sites\/36\/2026\/01\/HARMONOGRAM-DLA-RODZICOW-ETAP-PODSTAWOWY.docx\">HARMONOGRAM DLA RODZIC\u00d3W &#8211; ETAP PODSTAWOWY<\/a><\/p>\n<p><a href=\"https:\/\/przedszkole18.edu.wroclaw.pl\/wp-content\/uploads\/sites\/36\/2026\/01\/HARMONOGRAM-DLA-RODZICOW-ETAP-UZUPELNIAJACY.docx\">HARMONOGRAM DLA RODZIC\u00d3W &#8211; ETAP UZUPE\u0141NIAJ\u0104CY<\/a><\/p>\n<p><a href=\"https:\/\/przedszkole18.edu.wroclaw.pl\/wp-content\/uploads\/sites\/36\/2026\/01\/KRYTERIA-.docx\">KRYTERIA<\/a><\/p>\n<p><a href=\"https:\/\/przedszkole18.edu.wroclaw.pl\/wp-content\/uploads\/sites\/36\/2026\/01\/KOMUNIKAT.docx\">KOMUNIKAT<\/a><\/p>\n<p><a href=\"https:\/\/przedszkole18.edu.wroclaw.pl\/wp-content\/uploads\/sites\/36\/2026\/01\/WSPARCIE-TECHNICZNE.docx\">WSPARCIE TECHNICZNE<\/a><\/p>\n<p>&nbsp;<\/p>\n<p>&nbsp;<\/p>\n<p>&nbsp;<\/p>\n<p>&nbsp;<\/p>\n<p>&#8230;&#8230;&#8230;&#8230;&#8230;&#8230;&#8230;&#8230;&#8230;&#8230;&#8230;&#8230;&#8230;&#8230;&#8230;&#8230;&#8230;&#8230;&#8230;&#8230;&#8230;&#8230;&#8230;&#8230;&#8230;&#8230;&#8230;&#8230;&#8230;&#8230;&#8230;&#8230;&#8230;&#8230;&#8230;&#8230;&#8230;&#8230;&#8230;&#8230;&#8230;&#8230;&#8230;&#8230;&#8230;&#8230;&#8230;&#8230;&#8230;&#8230;&#8230;&#8230;&#8230;&#8230;&#8230;&#8230;&#8230;&#8230;&#8230;&#8230;&#8230;&#8230;&#8230;&#8230;&#8230;&#8230;&#8230;&#8230;&#8230;&#8230;&#8230;&#8230;&#8230;&#8230;&#8230;&#8230;&#8230;&#8230;&#8230;&#8230;&#8230;&#8230;&#8230;&#8230;&#8230;&#8230;&#8230;&#8230;&#8230;&#8230;&#8230;&#8230;&#8230;&#8230;&#8230;&#8230;&#8230;&#8230;&#8230;&#8230;&#8230;&#8230;.<\/p>\n<p style=\"text-align: center\"><span style=\"color: #003366;font-size: 24pt\"><em><strong>ROK SZKOLNY 2025\/2026<\/strong><\/em><\/span><\/p>\n<p style=\"text-align: center\"><span style=\"font-size: 18pt\"><strong><span style=\"color: #008080\"><em>Wszystkie wa\u017cne informacje dotycz\u0105ce rekrutacji na nowy rok szkolny od dnia 31.01.2025 r. <\/em><\/span><\/strong><\/span><\/p>\n<p style=\"text-align: center\"><span style=\"font-size: 14pt\"><strong><span style=\"color: #008080\"><em>Zach\u0119camy do zapoznania si\u0119 z nimi,\u00a0 wszystkich zainteresowanych.<\/em> <\/span><\/strong><\/span><\/p>\n<p style=\"text-align: center\"><span style=\"color: #000080\"><strong><span style=\"font-size: 14pt\">Poni\u017csze materia\u0142y zostan\u0105 r\u00f3wnie\u017c opublikowane na stronie elektronicznego systemu rekrutacji- <span style=\"color: #3366ff\">rekrutacje.edu.wroclaw.pl<\/span><\/span><\/strong><\/span><\/p>\n<p>&nbsp;<\/p>\n<p><a href=\"https:\/\/przedszkole18.edu.wroclaw.pl\/wp-content\/uploads\/sites\/36\/2025\/01\/01-HARMONOGRAM-DLA-RODZICOW-I-ETAP.docx\">01- HARMONOGRAM DLA RODZIC\u00d3W &#8211; I ETAP<\/a><\/p>\n<p><a href=\"https:\/\/przedszkole18.edu.wroclaw.pl\/wp-content\/uploads\/sites\/36\/2025\/01\/02-HARMONOGRAM-DLA-RODZICOW-II-ETAP.docx\">02- HARMONOGRAM DLA RODZIC\u00d3W &#8211; II ETAP<\/a><\/p>\n<p><a href=\"https:\/\/przedszkole18.edu.wroclaw.pl\/wp-content\/uploads\/sites\/36\/2025\/01\/03-INFORMACJE-OGOLNE.docx\">03 &#8211; INFORMACJE OG\u00d3LNE<\/a><\/p>\n<p><a href=\"https:\/\/przedszkole18.edu.wroclaw.pl\/wp-content\/uploads\/sites\/36\/2025\/01\/04-KONTYNUACJE.docx\">04 &#8211; KONTYNUACJE<\/a><\/p>\n<p><a href=\"https:\/\/przedszkole18.edu.wroclaw.pl\/wp-content\/uploads\/sites\/36\/2025\/01\/05-KRYTERIA.docx\">05 &#8211; KRYTERIA<\/a><\/p>\n<p><a href=\"https:\/\/przedszkole18.edu.wroclaw.pl\/wp-content\/uploads\/sites\/36\/2025\/01\/06-PODSTAWA-PRAWNA.docx\">06 &#8211; PODSTAWA PRAWNA<\/a><\/p>\n<p><a href=\"https:\/\/przedszkole18.edu.wroclaw.pl\/wp-content\/uploads\/sites\/36\/2025\/01\/07-UDZIAL-W-REKRUTACJI.docx\">07 &#8211; UDZIA\u0141 W REKRUTACJI<\/a><\/p>\n<p style=\"text-align: left\"><span style=\"font-size: 14pt;color: #993300\"><a href=\"https:\/\/przedszkole18.edu.wroclaw.pl\/wp-content\/uploads\/sites\/36\/2025\/01\/08-DZIECI-O-SPECJALNYCH-POTRZEBACH-EDUKACYJNYCH.docx\">08 &#8211; DZIECI O SPECJALNYCH POTRZEBACH EDUKACYJNYCH<\/a><\/span><\/p>\n<p><a href=\"https:\/\/przedszkole18.edu.wroclaw.pl\/wp-content\/uploads\/sites\/36\/2025\/01\/09-ZARZADZENIE-PREZYDENTA-TERMINY-REKRUTACJI.pdf\">09 &#8211; ZARZ\u0104DZENIE PREZYDENTA &#8211; TERMINY REKRUTACJI<\/a><\/p>\n<p><a href=\"https:\/\/przedszkole18.edu.wroclaw.pl\/wp-content\/uploads\/sites\/36\/2025\/01\/10-UCHWALA-WS-KRYTERIOW.pdf\">10 &#8211; UCHWA\u0141A WS KRYTERI\u00d3W<\/a><\/p>\n<p>&nbsp;<\/p>\n<p>&nbsp;<\/p>\n<p style=\"text-align: center\"><span style=\"font-size: 18pt;color: #993300\"><em><strong>ROK SZKOLNY 2024\/2025<\/strong> <\/em><\/span><\/p>\n<p><span style=\"color: #333399\"><em><strong><span style=\"font-size: 14pt\">Szanowni Pa\u0144stwo. <\/span><\/strong><\/em><\/span><\/p>\n<p><span style=\"color: #333399\"><em><strong><span style=\"font-size: 14pt\">Rekrutacja rusza w dniu 20.03.204r. od godziny 12.00 i trwa\u0107 b\u0119dzie do 26.03.2024 do godziny 15.00 W tym czasie macie Pa\u0144stwo mo\u017cliwo\u015b\u0107 z\u0142o\u017cenia wniosku w formie elektronicznej lub bezpo\u015brednio w wybranej plac\u00f3wce &#8211; plac\u00f3wka 1 wyboru.<\/span><\/strong><\/em><\/span><\/p>\n<p><span style=\"color: #333399\"><em><strong><span style=\"font-size: 14pt\"> Wybieramy tylko jeden spos\u00f3b dzia\u0142ania.<\/span><\/strong><\/em><\/span><\/p>\n<p><span style=\"color: #333399\"><em><strong><span style=\"font-size: 14pt\"> Wszystkie dokumenty przesy\u0142ane drog\u0105 elektroniczn\u0105 za pomoc\u0105 systemu rekrutacji, winny by\u0107 potwierdzone profilem zaufanym. Pozdrawiam. <span style=\"font-size: 12pt;color: #666699\">Dyrektor plac\u00f3wki Lidia Walczak-I\u017cycka <\/span><\/span><\/strong><\/em><\/span><\/p>\n<p><span style=\"color: #333399\"><em><strong><span style=\"font-size: 14pt\">\u00a0<\/span> <\/strong><\/em><\/span><\/p>\n<p style=\"text-align: center\"><strong><span style=\"color: #333399\">W bezp\u0142atnym\u00a0 Biuletynie Wroc\u0142awia \/ weranda\/,\u00a0 znajdziecie Pa\u0144stwo informacje dotycz\u0105ce zbli\u017caj\u0105cej si\u0119 rekrutacji do przedszkoli i szk\u00f3\u0142 podstawowych.\u00a0<\/span> <\/strong><\/p>\n<p><a href=\"https:\/\/przedszkole18.edu.wroclaw.pl\/wp-content\/uploads\/sites\/36\/2024\/02\/ARAW-biuletyn-wroclaw_pl-Nr5-166-2024-1.pdf\">ARAW-biuletyn-wroclaw_pl Nr5-166-2024 1<\/a><\/p>\n<p><a href=\"https:\/\/przedszkole18.edu.wroclaw.pl\/wp-content\/uploads\/sites\/36\/2024\/02\/ARAW-biuletyn-wroclaw_pl-Nr5-166-2024-2.pdf\">ARAW-biuletyn-wroclaw_pl Nr5-166-2024 2<\/a><\/p>\n<p><a href=\"https:\/\/przedszkole18.edu.wroclaw.pl\/wp-content\/uploads\/sites\/36\/2024\/02\/ARAW-biuletyn-wroclaw_pl-Nr5-166-2024-3.pdf\">ARAW-biuletyn-wroclaw_pl Nr5-166-2024 3<\/a><\/p>\n<p>&nbsp;<\/p>\n<p style=\"text-align: center\"><span style=\"color: #800000\"><em><strong><span style=\"font-size: 14pt\">ROK SZKOLNY 2023\/2024<\/span> <\/strong><\/em><\/span><\/p>\n<p><span style=\"color: #008080\"><strong>W dniu dzisiejszym o godzinie 14.00 zosta\u0142y wystawione w holu przedszkola,\u00a0 listy kandydat\u00f3w zakwalifikowanych i niezakwalifikowanych do plac\u00f3wki. Zgodnie z obowi\u0105zuj\u0105cymi przepisami listy nie s\u0105 podwieszane na stronie internetowej, nie udzielamy te\u017c informacji telefonicznie. <\/strong><\/span><\/p>\n<p><span style=\"color: #008080\"><b>W dniu 24.04.2023 r. od godziny 8:00 do 25.04.2023 r. do godziny 15:00 kandydaci b\u0119d\u0105 mogli r\u00f3wnie\u017c z\u0142o\u017cy\u0107 rezygnacj\u0119 w systemie lub bezpo\u015brednio w przedszkolu\u00a0 w kancelarii dyrektora.\u00a0<\/b> <b><u><br \/>\n<\/u><\/b><\/span><\/p>\n<p style=\"text-align: center\"><strong><span style=\"color: #333399;font-size: 14pt\">W zwi\u0105zku ze zbli\u017caj\u0105c\u0105 si\u0119 rekrutacj\u0105 do publicznych przedszkoli, zamieszcza informacje potrzebne do w\u0142a\u015bciwego <\/span><\/strong><\/p>\n<p style=\"text-align: center\"><strong><span style=\"color: #333399;font-size: 14pt\">przeprowadzenia tego procesu. \u00a0 <\/span><\/strong><\/p>\n<p>&nbsp;<\/p>\n<p style=\"text-align: center\"><span style=\"font-size: 14pt;color: #333399\"><em><strong>Jak zamieszczono na stronie internetowej w aktualno\u015bciach, zaplanowano dzie\u0144 otwarty\u00a0 \/16 marzec 17.30-18.30\/ <\/strong><\/em><\/span><\/p>\n<p style=\"text-align: center\"><span style=\"font-size: 14pt;color: #333399\"><em><strong>Na spotkaniu, poznacie Pa\u0144stwo plac\u00f3wk\u0119 i spos\u00f3b jej funkcjonowania. <\/strong><\/em><\/span><\/p>\n<p style=\"text-align: center\"><span style=\"font-size: 14pt;color: #333399\"><em><strong>Dyrektor odpowie na wszystkie Pa\u0144stwa w\u0105tpliwo\u015bci i pytania. Zapraszam <\/strong><\/em><span style=\"font-size: 12pt\">Lidia Walczak-I\u017cycka dyrektor plac\u00f3wki.\u00a0<\/span><\/span><\/p>\n<p>&nbsp;<\/p>\n<p>&nbsp;<\/p>\n<p style=\"text-align: center\"><span style=\"font-size: 14pt;color: #008080\"><em><strong><span style=\"color: #800000\">ARCHIWUM<\/span> <\/strong><\/em><\/span><\/p>\n<p style=\"text-align: center\"><span style=\"font-size: 14pt;color: #008080\"><em><strong>ROK SZKOLNY 2022\/2023<\/strong><\/em><\/span><\/p>\n<p>Z uwagi na przepisy zwi\u0105zane z ochron\u0105 danych osobowych, wszystkie listy dzieci przyj\u0119tych i nieprzyj\u0119tych\u00a0 i udzielanie informacje zwi\u0105zane z tegoroczn\u0105\u00a0 rekrutacj\u0105 ju\u017c tylko w przedszkolu.<\/p>\n<p><span style=\"font-size: 14pt\"><em><strong><span style=\"color: #000080\">\u00a0II etapu rekrutacji<\/span> <\/strong><\/em><\/span>w naszym przedszkolu. Do rekrutacji udost\u0119pniono\u00a0 2 wolne miejsca w grupie 5 latk\u00f3w.<\/p>\n<p>&nbsp;<\/p>\n<p>W dniach od 27 do 28 czerwca rodzice mog\u0105 z\u0142o\u017cy\u0107 rezygnacj\u0119 z miejsca w przedszkolu.<\/p>\n<p><span style=\"font-size: 14pt\"><em><strong><span style=\"color: #000080\">I etap rekrutacji.<\/span><\/strong><\/em><\/span><\/p>\n<p>Zgodnie z obowi\u0105zuj\u0105cymi procedurami zwi\u0105zanymi z rekrutacj\u0105 na nowy rok szkolny, przedstawiam listy dzieci zakwalifikowanych i niezakwalifikowanych do plac\u00f3wki po I etapie rekrutacji.<\/p>\n<p>Dzie\u0144 25 i 26 kwietnia, to czas na z\u0142o\u017cenie rezygnacji z miejsca w przedszkolu. Ci z Pa\u0144stwa, kt\u00f3rzy nie rezygnuj\u0105,\u00a0 niczego nie sk\u0142adaj\u0105 i nie podpisuj\u0105. Nadmieniam, \u017ce nie udzielamy informacji o rekrutacji kandydata telefonicznie. Listy w oryginale s\u0105 podpisane przez przewodnicz\u0105c\u0105 komisji rekrutacyjnej i zgodnie z obowi\u0105zuj\u0105cym prawem,\u00a0 znajduj\u0105 si\u0119 na werandzie plac\u00f3wki.<\/p>\n<p>&nbsp;<\/p>\n<p>&nbsp;<\/p>\n<p style=\"text-align: left\"><span style=\"color: #000000\"><span style=\"font-size: 14pt;font-family: times new roman, times, serif\"><img loading=\"lazy\" decoding=\"async\" class=\"alignnone size-medium wp-image-6457\" src=\"https:\/\/przedszkole18.edu.wroclaw.pl\/wp-content\/uploads\/sites\/36\/2022\/03\/wiosna-300x197.gif\" alt=\"Wiosna\" width=\"300\" height=\"197\" srcset=\"https:\/\/przedszkole18.edu.wroclaw.pl\/wp-content\/uploads\/sites\/36\/2022\/03\/wiosna-300x197.gif 300w, https:\/\/przedszkole18.edu.wroclaw.pl\/wp-content\/uploads\/sites\/36\/2022\/03\/wiosna-1024x673.gif 1024w, https:\/\/przedszkole18.edu.wroclaw.pl\/wp-content\/uploads\/sites\/36\/2022\/03\/wiosna-768x504.gif 768w, https:\/\/przedszkole18.edu.wroclaw.pl\/wp-content\/uploads\/sites\/36\/2022\/03\/wiosna-600x394.gif 600w\" sizes=\"auto, (max-width: 300px) 100vw, 300px\" \/><\/span><\/span><\/p>\n<p style=\"text-align: left\"><span style=\"color: #000000\"><span style=\"font-size: 14pt;font-family: times new roman, times, serif\">Rekrutacja do\u00a0 publicznych przedszkoli i szk\u00f3\u0142 podstawowych na rok szkolny 2022\/2023 zgodnie z\u00a0 Zarz\u0105dzeniem nr 6839\/22 i 6840\/22\u00a0 Prezydenta Wroc\u0142awia z dnia 13 stycznia 2022 roku. <\/span><span style=\"font-size: 14pt\"><span style=\"font-family: times new roman, times, serif\">Prosz\u0119 o zapoznanie si\u0119 z zarz\u0105dzeniami<\/span> <\/span><\/span><\/p>\n<p>&nbsp;<\/p>\n<p><a href=\"https:\/\/przedszkole18.edu.wroclaw.pl\/wp-content\/uploads\/sites\/36\/2022\/02\/Zarzadzenie_nr_6839_22_skan-2.pdf\">Zarz\u0105dzenie_nr_6839_22_skan (2)<\/a><\/p>\n<p><a href=\"https:\/\/przedszkole18.edu.wroclaw.pl\/wp-content\/uploads\/sites\/36\/2022\/02\/Zarzadzenie_nr_6840_22_skan-2.pdf\">Zarz\u0105dzenie_nr_6840_22_skan (2)<\/a><\/p>\n<p>&nbsp;<\/p>\n<p>Rekrutacja rok szkolny 2022\/2023 zach\u0119cam do zapoznania si\u0119 z zasadami rekrutacji.<\/p>\n<p><img loading=\"lazy\" decoding=\"async\" class=\"alignnone size-medium wp-image-6377\" src=\"https:\/\/przedszkole18.edu.wroclaw.pl\/wp-content\/uploads\/sites\/36\/2022\/02\/HARMONOGRAM-REKRUTACJI-212x300.jpg\" alt=\"\" width=\"212\" height=\"300\" \/><img loading=\"lazy\" decoding=\"async\" class=\"alignnone size-medium wp-image-6386\" src=\"https:\/\/przedszkole18.edu.wroclaw.pl\/wp-content\/uploads\/sites\/36\/2022\/02\/UZUPELNIENIE-WNIOSKU-212x300.jpg\" alt=\"\" width=\"212\" height=\"300\" \/><img loading=\"lazy\" decoding=\"async\" class=\"alignnone size-medium wp-image-6385\" src=\"https:\/\/przedszkole18.edu.wroclaw.pl\/wp-content\/uploads\/sites\/36\/2022\/02\/kRYTERIA-USTAWOWE-212x300.jpg\" alt=\"\" width=\"212\" height=\"300\" \/><img loading=\"lazy\" decoding=\"async\" class=\"alignnone size-medium wp-image-6384\" src=\"https:\/\/przedszkole18.edu.wroclaw.pl\/wp-content\/uploads\/sites\/36\/2022\/02\/kRYTERIA-MIEJSKIE-212x300.jpg\" alt=\"\" width=\"212\" height=\"300\" \/><img loading=\"lazy\" decoding=\"async\" class=\"alignnone size-medium wp-image-6387\" src=\"https:\/\/przedszkole18.edu.wroclaw.pl\/wp-content\/uploads\/sites\/36\/2022\/02\/WYNIKI-REKRUTACJI-212x300.jpg\" alt=\"\" width=\"212\" height=\"300\" \/><img loading=\"lazy\" decoding=\"async\" class=\"alignnone size-medium wp-image-6388\" src=\"https:\/\/przedszkole18.edu.wroclaw.pl\/wp-content\/uploads\/sites\/36\/2022\/02\/ODWOLANIA-300x212.jpg\" alt=\"\" width=\"300\" height=\"212\" \/><\/p>\n<hr \/>\n<p>&nbsp;<\/p>\n<p>&nbsp;<\/p>\n<p>&nbsp;<\/p>\n","protected":false},"excerpt":{"rendered":"<p>ROK SZKOLNY 2026\/2027 Szanowni Pa\u0144stwo, poni\u017cej informacje dotycz\u0105ce rekrutacji na nowy rok szkolny do przedszkoli\u00a0 publicznych,\u00a0\u00a0 \u00a0materia\u0142y zostan\u0105 r\u00f3wnie\u017c opublikowane na stronie elektronicznego systemu rekrutacji\u00a0&#8211; rekrutacje.edu.wroclaw.pl WNIOSEK DO PRZEDSZKOLA 2026 [&hellip;]<\/p>\n","protected":false},"author":144,"featured_media":0,"parent":0,"menu_order":0,"comment_status":"closed","ping_status":"closed","template":"","meta":{"ngg_post_thumbnail":0,"footnotes":""},"class_list":["post-810","page","type-page","status-publish","hentry","clearfix"],"_links":{"self":[{"href":"https:\/\/przedszkole18.edu.wroclaw.pl\/index.php\/wp-json\/wp\/v2\/pages\/810","targetHints":{"allow":["GET"]}}],"collection":[{"href":"https:\/\/przedszkole18.edu.wroclaw.pl\/index.php\/wp-json\/wp\/v2\/pages"}],"about":[{"href":"https:\/\/przedszkole18.edu.wroclaw.pl\/index.php\/wp-json\/wp\/v2\/types\/page"}],"author":[{"embeddable":true,"href":"https:\/\/przedszkole18.edu.wroclaw.pl\/index.php\/wp-json\/wp\/v2\/users\/144"}],"replies":[{"embeddable":true,"href":"https:\/\/przedszkole18.edu.wroclaw.pl\/index.php\/wp-json\/wp\/v2\/comments?post=810"}],"version-history":[{"count":51,"href":"https:\/\/przedszkole18.edu.wroclaw.pl\/index.php\/wp-json\/wp\/v2\/pages\/810\/revisions"}],"predecessor-version":[{"id":13341,"href":"https:\/\/przedszkole18.edu.wroclaw.pl\/index.php\/wp-json\/wp\/v2\/pages\/810\/revisions\/13341"}],"wp:attachment":[{"href":"https:\/\/przedszkole18.edu.wroclaw.pl\/index.php\/wp-json\/wp\/v2\/media?parent=810"}],"curies":[{"name":"wp","href":"https:\/\/api.w.org\/{rel}","templated":true}]}}